{"id":1654,"date":"2023-03-02T12:39:41","date_gmt":"2023-03-02T12:39:41","guid":{"rendered":"https:\/\/www.ferreteriavert.es\/politica-de-privacidad\/"},"modified":"2024-03-25T15:30:18","modified_gmt":"2024-03-25T15:30:18","slug":"politica-de-privacidad","status":"publish","type":"page","link":"https:\/\/ferreteriavert.es\/es\/politica-de-privacidad\/","title":{"rendered":"Pol\u00edtica de privacidad"},"content":{"rendered":"<div class=\"fusion-fullwidth fullwidth-box fusion-builder-row-1 fusion-flex-container nonhundred-percent-fullwidth non-hundred-percent-height-scrolling\" style=\"--awb-border-radius-top-left:0px;--awb-border-radius-top-right:0px;--awb-border-radius-bottom-right:0px;--awb-border-radius-bottom-left:0px;--awb-flex-wrap:wrap;\" ><div class=\"fusion-builder-row fusion-row fusion-flex-align-items-flex-start fusion-flex-content-wrap\" style=\"max-width:1424.8px;margin-left: calc(-4% \/ 2 );margin-right: calc(-4% \/ 2 );\"><div class=\"fusion-layout-column fusion_builder_column fusion-builder-column-0 fusion_builder_column_1_1 1_1 fusion-flex-column\" style=\"--awb-bg-size:cover;--awb-width-large:100%;--awb-margin-top-large:0px;--awb-spacing-right-large:1.92%;--awb-margin-bottom-large:0px;--awb-spacing-left-large:1.92%;--awb-width-medium:100%;--awb-spacing-right-medium:1.92%;--awb-spacing-left-medium:1.92%;--awb-width-small:100%;--awb-spacing-right-small:1.92%;--awb-spacing-left-small:1.92%;\"><div class=\"fusion-column-wrapper fusion-flex-justify-content-flex-start fusion-content-layout-column\"><div class=\"fusion-title title fusion-title-1 fusion-sep-none fusion-title-text fusion-title-size-one\"><h1 class=\"fusion-title-heading title-heading-left\" style=\"margin:0;\">Pol\u00edtica de privacidad<\/h1><\/div><div class=\"fusion-text fusion-text-1\"><h2><b>I. POL\u00cdTICA DE PRIVACIDAD Y PROTECCI\u00d3N DE DATOS<\/b><\/h2>\n<p><span style=\"font-weight: 400;\">Respetando lo establecido en la legislaci\u00f3n vigente, Ferreter\u00eda Vert (en adelante, tambi\u00e9n Sitio Web) se compromete a adoptar las medidas t\u00e9cnicas y organizativas necesarias, seg\u00fan el nivel de seguridad adecuado al riesgo de las datos recogidas.<\/span><\/p>\n<h3><b>Leyes que incorpora esta pol\u00edtica de privacidad<\/b><\/h3>\n<p><span style=\"font-weight: 400;\">Esta pol\u00edtica de privacidad est\u00e1 adaptada a la normativa espa\u00f1ola y europea vigente en materia de protecci\u00f3n de datos personales en Internet. En concreto, la misma respeta las siguientes normas:<\/span><\/p>\n<ul>\n<li style=\"font-weight: 400;\" aria-level=\"1\"><span style=\"font-weight: 400;\">El Reglamento (UE) 2016\/679 del Parlamento Europeo y del Consejo, de 27 de abril de 2016, relativo a la protecci\u00f3n de las personas f\u00edsicas en lo que respecta al tratamiento de datos personales ya la libre circulaci\u00f3n de estas datos (RGPD).<\/span><\/li>\n<li style=\"font-weight: 400;\" aria-level=\"1\"><span style=\"font-weight: 400;\">La Ley Org\u00e1nica 3\/2018, de 5 de diciembre, de Protecci\u00f3n de Datos Personales y garant\u00eda de los derechos digitales (LOPD-GDD).<\/span><\/li>\n<li style=\"font-weight: 400;\" aria-level=\"1\"><span style=\"font-weight: 400;\">&lt;br&gt;Real Decreto 1720\/2007, de 21 de diciembre, por el que se aprueba el Reglamento de desarrollo de la Ley Org\u00e1nica 15\/1999, de 13 de diciembre, de Protecci\u00f3n de Datos de Car\u00e1cter Personal (RDLOPD).<\/span><\/li>\n<li style=\"font-weight: 400;\" aria-level=\"1\"><span style=\"font-weight: 400;\">La Ley 34\/2002, de 11 de julio, de Servicios de la Sociedad de la Informaci\u00f3n y Comercio Electr\u00f3nico (LSSI-CE).<\/span><\/li>\n<\/ul>\n<h3><b>Identidad del responsable del tratamiento de las datos personales<\/b><\/h3>\n<p><span style=\"font-weight: 400;\">El responsable del tratamiento de las datos personales recogidos en Ferreter\u00eda Vert es: Manuel P\u00e9rez Garc\u00eda, cono NIF: 78055222F (en adelante, Responsable del tratamiento). Sus datos de contacto son los siguientes:<\/span><\/p>\n<p><span style=\"font-weight: 400;\">Direcci\u00f3n: Joaquin Costa n\u00ba 17<\/span><\/p>\n<p><span style=\"font-weight: 400;\">Tel\u00e9fono de contacto: 646565418<\/span><\/p>\n<p><span style=\"font-weight: 400;\">Email de contacto: mmerinoabril@gmail.com<\/span><\/p>\n<h3><b>Registro de Datos de Car\u00e1cter Personal<\/b><\/h3>\n<p><span style=\"font-weight: 400;\">En cumplimiento de lo establecido en el RGPD y la LOPD-GDD, le informamos que las datos personales recabados por Ferreter\u00eda Vert, mediante los formularios extendidos en sus p\u00e1ginas quedaran incorporados y ser\u00e1n tratados en nuestro archivo con el fin de poder facilitar, agilizar y cumplir los compromisos establecidos entre Ferreter\u00eda Vert y el Usuario o el mantenimiento de la relaci\u00f3n que se establezca en los formularios que \u00e9ste rellene, o para atender una solicitud o consulta del mismo. Asimismo, de conformidad con lo previsto en el RGPD y la LOPD-GDD, salvo que sea de aplicaci\u00f3n la excepci\u00f3n prevista en el art\u00edculo 30.5 del RGPD, se mantiene un registro de actividades de tratamiento que especifica, seg\u00fan sus finalidades, las actividades de tratamiento llevadas a cabo y las dem\u00e1s circunstancias establecidas en el RGPD.<\/span><\/p>\n<h3><b>Principios aplicables al tratamiento de las datos personales<\/b><\/h3>\n<p><span style=\"font-weight: 400;\">El tratamiento de las datos personales del Usuario se someter\u00e1 a los siguientes principios recogidos en el art\u00edculo 5 del RGPD y en el art\u00edculo 4 y siguientes de la Ley Org\u00e1nica 3\/2018, de 5 de diciembre, de Protecci\u00f3n de Datos Personales y garant\u00eda de los derechos digitales:<\/span><\/p>\n<ul>\n<li style=\"font-weight: 400;\" aria-level=\"1\"><span style=\"font-weight: 400;\">Principio de licitud, lealtad y transparencia: se requerir\u00e1 en todo momento el consentimiento del Usuario previa informaci\u00f3n completamente transparente de los fines para los que se recogen las datos personales.<\/span><\/li>\n<li style=\"font-weight: 400;\" aria-level=\"1\"><span style=\"font-weight: 400;\">Principio de limitaci\u00f3n de la finalidad: las datos personales ser\u00e1n recogidas con fines determinados, expl\u00edcitos y leg\u00edtimos.<\/span><\/li>\n<li style=\"font-weight: 400;\" aria-level=\"1\"><span style=\"font-weight: 400;\">Principio de minimizaci\u00f3n de datos: las datos personales recogidos ser\u00e1n \u00fanicamente las estrictamente necesarias en relaci\u00f3n con los fines para los que son tratados.<\/span><\/li>\n<li style=\"font-weight: 400;\" aria-level=\"1\"><span style=\"font-weight: 400;\">Principio de exactitud: las datos personales deben ser exactas y estar siempre actualizados.<\/span><\/li>\n<li style=\"font-weight: 400;\" aria-level=\"1\"><span style=\"font-weight: 400;\">Principio de limitaci\u00f3n del plazo de conservaci\u00f3n: las datos personales s\u00f3lo ser\u00e1n mantenidas de forma que se permita la identificaci\u00f3n del Usuario durante el tiempo necesario para los fines de su tratamiento.<\/span><\/li>\n<li style=\"font-weight: 400;\" aria-level=\"1\"><span style=\"font-weight: 400;\">Principio de integridad y confidencialidad: las datos personales ser\u00e1n tratadas de forma que se garantice su seguridad y confidencialidad.<\/span><\/li>\n<li style=\"font-weight: 400;\" aria-level=\"1\"><span style=\"font-weight: 400;\">Principio de responsabilidad proactiva: el responsable del tratamiento ser\u00e1 responsable de asegurar que los principios anteriores se cumplen.<\/span><\/li>\n<\/ul>\n<h3><b>Categor\u00edas de datos personales<\/b><\/h3>\n<p><span style=\"font-weight: 400;\">Las categor\u00edas de datos que se tratan en Ferreter\u00eda Vert son \u00fanicamente datos identificativos. En ning\u00fan caso, se tratar\u00e1n categor\u00edas especiales de datos personales en el sentido del art\u00edculo 9 del RGPD.<\/span><\/p>\n<h3><b>Base legal para el tratamiento de las datos personales<\/b><\/h3>\n<p><span style=\"font-weight: 400;\">La base legal para el tratamiento de las datos personales es el consentimiento. Ferreter\u00eda Vert se compromete a recabar el consentimiento expreso y verificable del Usuario para el tratamiento de sus datos personales para uno o varios fines espec\u00edficos.<\/span><\/p>\n<p><span style=\"font-weight: 400;\">El Usuario tendr\u00e1 derecho a retirar su consentimiento en cualquier momento. Ser\u00e1 tan f\u00e1cil retirar el consentimiento como darlo. Como regla general, la retirada del consentimiento no condicionar\u00e1 el uso del Sitio Web.<\/span><\/p>\n<p><span style=\"font-weight: 400;\">En las ocasiones en las que el Usuario deba o pueda facilitar sus datos a trav\u00e9s de formularios para realizar consultas, solicitar informaci\u00f3n o por motivos relacionados con el contenido del Sitio Web, se le informar\u00e1 en caso de que la cumplimentaci\u00f3n de alguno de ellos sea obligatoria debido a que los mismos sean imprescindibles para el correcto desarrollo de la operaci\u00f3n realizada.<\/span><\/p>\n<h3><b>Fines del tratamiento a que se destinan las datos personales<\/b><\/h3>\n<p><span style=\"font-weight: 400;\">Las datos personales son recabados y gestionados por Ferreter\u00eda Vert con la finalidad de poder facilitar, agilizar y cumplir los compromisos establecidos entre el Sitio Web y el Usuario o el mantenimiento de la relaci\u00f3n que se establezca en los formularios que este \u00faltimo rellene o para atender una solicitud o consulta.<\/span><\/p>\n<p><span style=\"font-weight: 400;\">Igualmente, las datos podr\u00e1n ser utilizadas con una finalidad comercial de personalizaci\u00f3n, operativa y estad\u00edstica, y actividades propias del objeto social de Ferreter\u00eda Vert, as\u00ed como para la extracci\u00f3n, almacenamiento de datos y estudios de marketing para adecuar el Contenido ofertado al Usuario, as\u00ed como mejorar la calidad, funcionamiento y navegaci\u00f3n por el Sitio Web.<\/span><\/p>\n<p><span style=\"font-weight: 400;\">En el momento en que se obtengan las datos personales, se informar\u00e1 al Usuario acerca del fin o fines espec\u00edficos del tratamiento al que se destinar\u00e1n las datos personales; es decir, del uso o usos que se dar\u00e1 a la informaci\u00f3n recopilada.<\/span><\/p>\n<h3><b>Periodos de retenci\u00f3n de las datos personales<\/b><\/h3>\n<p><span style=\"font-weight: 400;\">Las datos personales s\u00f3lo ser\u00e1n retenidas durante el tiempo m\u00ednimo necesario para los fines de su tratamiento y, en todo caso, \u00fanicamente durante el siguiente plazo: Siempre, o hasta que el Usuario solicite su supresi\u00f3n.<\/span><\/p>\n<p><span style=\"font-weight: 400;\">En el momento en que se obtengan las datos personales, se informar\u00e1 al Usuario sobre el plazo durante el cual se conservar\u00e1n las datos personales o, cuando esto no sea posible, los criterios utilizados para determinar dicho plazo.<\/span><\/p>\n<h3><b>Destinatarios de las datos personales<\/b><\/h3>\n<p><span style=\"font-weight: 400;\">Las datos personales del Usuario no ser\u00e1n compartidas con terceros.<\/span><\/p>\n<p><span style=\"font-weight: 400;\">En cualquier caso, en el momento en que se obtengan las datos personales, se informar\u00e1 al Usuario sobre los destinatarios o las categor\u00edas de destinatarios de las datos personales.<\/span><\/p>\n<h3><b>Datos personales de menores de edad<\/b><\/h3>\n<p><span style=\"font-weight: 400;\">Respetando lo establecido en los art\u00edculos 8 del RGPD y 7 de la Ley Org\u00e1nica 3\/2018, de 5 de diciembre, de Protecci\u00f3n de Datos Personales y garant\u00eda de los derechos digitales, s\u00f3lo los mayores de 14 a\u00f1os podr\u00e1n otorgar su consentimiento para el tratamiento de sus datos personales de forma l\u00edcita por Ferreter\u00eda Vert. Si se trata de un menor de 14 a\u00f1os, ser\u00e1 necesario el consentimiento de los padres o tutoras para el tratamiento, y \u00e9ste solo se considerar\u00e1 l\u00edcito en la medida en que los mismos lo hayan autorizado.<\/span><\/p>\n<h3><b>Secreto y seguridad de las datos personales<\/b><\/h3>\n<p><span style=\"font-weight: 400;\">Ferreter\u00eda Vert se compromete a adoptar las medidas t\u00e9cnicas y organizativas necesarias, seg\u00fan el nivel de seguridad adecuado al riesgo de las datos recogidas, de forma que se garantice la seguridad de las datos de car\u00e1cter personal y se evite la destrucci\u00f3n, p\u00e9rdida o alteraci\u00f3n accidental o il\u00edcita de datos personales transmitidos, conservados o tratados de otra forma, o la comunicaci\u00f3n o acceso no autorizados a dichas datos.<\/span><\/p>\n<p><span style=\"font-weight: 400;\">Sin embargo, debido a que Ferreter\u00eda Vert no puede garantizar la inexpugnabilidad de internet ni la ausencia total de hackers u otros que accedan de modo fraudulento a las datos personales, el Responsable del tratamiento se compromete a comunicar al Usuario sin dilaci\u00f3n indebida cuando ocurra una violaci\u00f3n de la seguridad de las datos personales que sea probable que entra\u00f1e un alto riesgo para los derechos y libertades de las personas f\u00edsicas. Siguiendo lo establecido en el art\u00edculo 4 del RGPD, se entiende por violaci\u00f3n de la seguridad de las datos personales toda violaci\u00f3n de la seguridad que ocasione la destrucci\u00f3n, p\u00e9rdida o alteraci\u00f3n accidental o il\u00edcita de datos personales transmitidos, conservados o tratados de otra forma, o la comunicaci\u00f3n o acceso no autorizados a dichas datos.<\/span><\/p>\n<p><span style=\"font-weight: 400;\">Las datos personales ser\u00e1n tratados como confidenciales por el Responsable del tratamiento, quien se comprometa a informar de ya garantizar por medio de una obligaci\u00f3n legal o contractual que dicha confidencialidad sea respetada por sus empleados, asociados, y toda persona a la que le haya accesible la informaci\u00f3n.<\/span><\/p>\n<h3><b>Derechos derivados del tratamiento de las datos personales<\/b><\/h3>\n<p><span style=\"font-weight: 400;\">El Usuario tiene sobre Ferreter\u00eda Vert y podr\u00e1, por tanto, ejercer frente al Responsable del tratamiento los siguientes derechos reconocidos en el RGPD y la Ley Org\u00e1nica 3\/2018, de 5 de diciembre, de Protecci\u00f3n de Datos Personales y garant\u00eda de los derechos digitales:<\/span><\/p>\n<ul>\n<li style=\"font-weight: 400;\" aria-level=\"1\"><i><span style=\"font-weight: 400;\">Derecho de acceso:<\/span><\/i><span style=\"font-weight: 400;\">  Es el derecho del Usuario a obtener confirmaci\u00f3n de si Ferreter\u00eda Vert est\u00e1 tratando o no sus datos personales y, en caso afirmativo, obtener informaci\u00f3n sobre sus datos concretos de car\u00e1cter personal y del tratamiento que Ferreter\u00eda Vert haya realizado o realice, as\u00ed como, entre otra , de la informaci\u00f3n disponible sobre el origen de dichas datos y los destinatarios de las comunicaciones realizadas o previstas de los mismos.<\/span><\/li>\n<li style=\"font-weight: 400;\" aria-level=\"1\"><i><span style=\"font-weight: 400;\">Derecho de rectificaci\u00f3n:<\/span><\/i> <span style=\"font-weight: 400;\">Es el derecho del Usuario a que se modifiquen sus datos personales que resulten ser inexactos o, teniendo en cuenta los fines del tratamiento, incompletos.<\/span><\/li>\n<li style=\"font-weight: 400;\" aria-level=\"1\"><i><span style=\"font-weight: 400;\">Derecho de supresi\u00f3n (\u00abel derecho al olvido\u00bb):<\/span><\/i><span style=\"font-weight: 400;\">  Es el derecho del Usuario, siempre que la legislaci\u00f3n vigente no establezca lo contrario, a obtener la supresi\u00f3n de sus datos personales cuando \u00e9stos ya no sean necesarios para los fines para los que fueron recogidos o tratados; el Usuario haya retirado su consentimiento al tratamiento y \u00e9ste no cuente con otra base legal; el Usuario se oponga al tratamiento y no exista otro motivo leg\u00edtimo para continuar con el mismo; las datos personales hayan sido tratados il\u00edcitamente; las datos personales deban suprimirse en cumplimiento de una obligaci\u00f3n legal; o las datos personales hayan sido obtenidos producto de una oferta directa de servicios de la sociedad de la informaci\u00f3n a un menor de 14 a\u00f1os. Adem\u00e1s de suprimir las datos, el Responsable del tratamiento, teniendo en cuenta la tecnolog\u00eda disponible y el coste de su aplicaci\u00f3n, deber\u00e1 adoptar medidas razonables para informar a los responsables de que est\u00e9n tratando las datos personales de la solicitud del interesado de supresi\u00f3n de cualquier enlace a estas datos personales.<\/span><\/li>\n<li style=\"font-weight: 400;\" aria-level=\"1\"><i><span style=\"font-weight: 400;\">Derecho a la limitaci\u00f3n del tratamiento:<\/span><\/i><span style=\"font-weight: 400;\">  Es el derecho del Usuario a limitar el tratamiento de sus datos personales. El Usuario tiene derecho a obtener la limitaci\u00f3n del tratamiento cuando impugne la exactitud de sus datos personales; el tratamiento sea il\u00edcito; el Responsable del tratamiento ya no necesite las datos personales, pero el Usuario lo necesite para hacer reclamaciones; y cuando el Usuario se haya opuesto al tratamiento.<\/span><\/li>\n<li style=\"font-weight: 400;\" aria-level=\"1\"><i><span style=\"font-weight: 400;\">Derecho a la portabilidad de las datos:<\/span><\/i><span style=\"font-weight: 400;\">  En caso de que el tratamiento se efect\u00fae por medios automatizados, el Usuario tendr\u00e1 derecho a recibir del Responsable del tratamiento sus datos personales en un formato estructurado, de uso com\u00fan y lectura mec\u00e1nica, ya transmitirlos a otro responsable del tratamiento. Siempre que sea t\u00e9cnicamente posible, el Responsable del tratamiento transmitir\u00e1 directamente las datos a ese otro responsable.<\/span><\/li>\n<li style=\"font-weight: 400;\" aria-level=\"1\"><i><span style=\"font-weight: 400;\">Derecho de oposici\u00f3n:<\/span><\/i> <span style=\"font-weight: 400;\">Es el derecho del Usuario a que no se lleve a cabo el tratamiento de sus datos de car\u00e1cter personal o se cese el tratamiento de los mismos por parte de Ferreter\u00eda Vert.<\/span><\/li>\n<li style=\"font-weight: 400;\" aria-level=\"1\"><i><span style=\"font-weight: 400;\">Derecho a no ser objeto de una decisi\u00f3n basada \u00fanicamente en el tratamiento automatizado, incluida la elaboraci\u00f3n de perfiles:<\/span><\/i><span style=\"font-weight: 400;\">  Es el derecho del Usuario a no ser objeto de una decisi\u00f3n individualizada basada \u00fanicamente en el tratamiento automatizado de sus datos personales, incluida la elaboraci\u00f3n de perfiles, existente salvo que la legislaci\u00f3n vigente establezca lo contrario.<\/span><\/li>\n<\/ul>\n<p><span style=\"font-weight: 400;\">As\u00ed pues, el Usuario podr\u00e1 ejercitar sus derechos mediante comunicaci\u00f3n escrita dirigida al Responsable del tratamiento con la referencia \u00abRGPD-www.ferreteriavert.es\u00bb, especificando:<\/span><\/p>\n<ul>\n<li style=\"font-weight: 400;\" aria-level=\"1\"><span style=\"font-weight: 400;\">N\u00famero, cogidos del Usuario y copia del DNI. En los casos en que se admita la representaci\u00f3n, ser\u00e1 tambi\u00e9n necesaria la identificaci\u00f3n por el mismo medio de la persona que representa al Usuario, as\u00ed como el documento acreditativo de la representaci\u00f3n. La fotocopia del DNI podr\u00e1 ser sustituida, por cualquier otro medio v\u00e1lido en derecho que acredite la identidad.<\/span><\/li>\n<li style=\"font-weight: 400;\" aria-level=\"1\"><span style=\"font-weight: 400;\">Petici\u00f3n con los motivos espec\u00edficos de la solicitud o informaci\u00f3n a la que se desea acceder.<\/span><\/li>\n<li style=\"font-weight: 400;\" aria-level=\"1\"><span style=\"font-weight: 400;\">Domicilio a efectos de notificaciones.<\/span><\/li>\n<li style=\"font-weight: 400;\" aria-level=\"1\"><span style=\"font-weight: 400;\">Fecha y firma del solicitante.<\/span><\/li>\n<li style=\"font-weight: 400;\" aria-level=\"1\"><span style=\"font-weight: 400;\">Todo documento que acredite la petici\u00f3n que formula.<\/span><\/li>\n<\/ul>\n<p><span style=\"font-weight: 400;\">Esta solicitud y cualquier otro documento adjunto podr\u00e1 enviarse a la siguiente direcci\u00f3n y\/o correo electr\u00f3nico:<\/span><\/p>\n<p><span style=\"font-weight: 400;\">Direcci\u00f3n postal: Joaquin Costa n\u00ba 17<\/span><\/p>\n<p><span style=\"font-weight: 400;\">Correo electr\u00f3nico: mmerinoabril@gmail.com<\/span><\/p>\n<h3><b>Enlaces a sitios web de terceros<\/b><\/h3>\n<p><span style=\"font-weight: 400;\">El Sitio Web puede incluir hiperv\u00ednculos o enlaces que permiten acceder a p\u00e1ginas web de terceros distintos de Ferreter\u00eda Vert, y que por tanto no son operados por Ferreter\u00eda Vert. Los titulares de dichos sitios web dispondr\u00e1n de sus propias pol\u00edticas de protecci\u00f3n de datos, siendo ellos mismos, en cada caso, responsables de sus propios archivos y de sus propias pr\u00e1cticas de privacidad.<\/span><\/p>\n<h3><b>Reclamaciones ante la autoridad de control<\/b><\/h3>\n<p><span style=\"font-weight: 400;\">En caso de que el Usuario considere que existe un problema o infracci\u00f3n de la normativa vigente en la forma en que se est\u00e1n tratando sus datos personales, tendr\u00e1 derecho a la tutela judicial efectiva ya presentar una reclamaci\u00f3n ante autoridad de control, en particular, en el Estado en el que tenga su residencia habitual, puesto de trabajo o lugar de la supuesta infracci\u00f3n. En el caso de Espa\u00f1a, la autoridad de control es la Agencia Espa\u00f1ola de Protecci\u00f3n de Datos (https:\/\/www.aepd.es\/).<\/span><\/p>\n<h2><b>II. ACEPTACI\u00d3N Y CAMBIOS EN ESTA POL\u00cdTICA DE PRIVACIDAD<\/b><\/h2>\n<p><span style=\"font-weight: 400;\">Es necesario que el Usuario haya le\u00eddo y est\u00e9 conforme con las condiciones sobre la protecci\u00f3n de datos de car\u00e1cter personal contenidas en esta Pol\u00edtica de Privacidad, as\u00ed como que acepte el tratamiento de sus datos personales para que el Responsable del tratamiento pueda proceder al mismo en la forma, durante los plazos y para las finalidades indicadas. El uso del Sitio Web implicar\u00e1 la aceptaci\u00f3n de la Pol\u00edtica de Privacidad del mismo.<\/span><\/p>\n<p><span style=\"font-weight: 400;\">Ferreter\u00eda Vert se reserva el derecho a modificar su Pol\u00edtica de Privacidad, de acuerdo a su propio criterio, o motivado por un cambio legislativo, jurisprudencial o doctrinal de la Agencia Espa\u00f1ola de Protecci\u00f3n de Datos. Los cambios o actualizaciones de esta Pol\u00edtica de Privacidad no ser\u00e1n notificados de forma expl\u00edcita al Usuario. Se recomienda al Usuario consultar esta p\u00e1gina de forma peri\u00f3dica para estar al tanto de los \u00faltimos cambios o actualizaciones.<\/span><\/p>\n<p><span style=\"font-weight: 400;\">Esta Pol\u00edtica de Privacidad fue actualizada para adaptarse al Reglamento (UE) 2016\/679 del Parlamento Europeo y del Consejo, de 27 de abril de 2016, relativo a la protecci\u00f3n de las personas f\u00edsicas en lo que respecta al tratamiento de datos personales ya la libre circulaci\u00f3n de estas datos (RGPD) ya la Ley Org\u00e1nica 3\/2018, de 5 de diciembre, de Protecci\u00f3n de Datos Personales y garant\u00eda de los derechos digitales.<\/span><\/p>\n<\/div><\/div><\/div><\/div><\/div>\n","protected":false},"excerpt":{"rendered":"","protected":false},"author":1,"featured_media":0,"parent":0,"menu_order":0,"comment_status":"closed","ping_status":"closed","template":"","meta":{"footnotes":""},"class_list":["post-1654","page","type-page","status-publish","hentry"],"yoast_head":"<!-- This site is optimized with the Yoast SEO plugin v26.9 - https:\/\/yoast.com\/product\/yoast-seo-wordpress\/ -->\n<title>Pol\u00edtica de privacidad - Ferreter\u00eda Vert<\/title>\n<meta name=\"robots\" content=\"index, follow, max-snippet:-1, max-image-preview:large, max-video-preview:-1\" \/>\n<link rel=\"canonical\" href=\"https:\/\/ferreteriavert.es\/es\/politica-de-privacidad\/\" \/>\n<meta property=\"og:locale\" content=\"es_ES\" \/>\n<meta property=\"og:type\" content=\"article\" \/>\n<meta property=\"og:title\" content=\"Pol\u00edtica de privacidad - Ferreter\u00eda Vert\" \/>\n<meta property=\"og:url\" content=\"https:\/\/ferreteriavert.es\/es\/politica-de-privacidad\/\" \/>\n<meta property=\"og:site_name\" content=\"Ferreter\u00eda Vert\" \/>\n<meta property=\"article:modified_time\" content=\"2024-03-25T15:30:18+00:00\" \/>\n<meta name=\"twitter:card\" content=\"summary_large_image\" \/>\n<meta name=\"twitter:label1\" content=\"Tiempo de lectura\" \/>\n\t<meta name=\"twitter:data1\" content=\"16 minutos\" \/>\n<script type=\"application\/ld+json\" class=\"yoast-schema-graph\">{\"@context\":\"https:\/\/schema.org\",\"@graph\":[{\"@type\":\"WebPage\",\"@id\":\"https:\/\/ferreteriavert.es\/es\/politica-de-privacidad\/\",\"url\":\"https:\/\/ferreteriavert.es\/es\/politica-de-privacidad\/\",\"name\":\"Pol\u00edtica de privacidad - Ferreter\u00eda Vert\",\"isPartOf\":{\"@id\":\"https:\/\/ferreteriavert.es\/es\/#website\"},\"datePublished\":\"2023-03-02T12:39:41+00:00\",\"dateModified\":\"2024-03-25T15:30:18+00:00\",\"breadcrumb\":{\"@id\":\"https:\/\/ferreteriavert.es\/es\/politica-de-privacidad\/#breadcrumb\"},\"inLanguage\":\"es\",\"potentialAction\":[{\"@type\":\"ReadAction\",\"target\":[\"https:\/\/ferreteriavert.es\/es\/politica-de-privacidad\/\"]}]},{\"@type\":\"BreadcrumbList\",\"@id\":\"https:\/\/ferreteriavert.es\/es\/politica-de-privacidad\/#breadcrumb\",\"itemListElement\":[{\"@type\":\"ListItem\",\"position\":1,\"name\":\"Portada\",\"item\":\"https:\/\/ferreteriavert.es\/es\/inicio\/\"},{\"@type\":\"ListItem\",\"position\":2,\"name\":\"Pol\u00edtica de privacidad\"}]},{\"@type\":\"WebSite\",\"@id\":\"https:\/\/ferreteriavert.es\/es\/#website\",\"url\":\"https:\/\/ferreteriavert.es\/es\/\",\"name\":\"Ferreter\u00eda Vert\",\"description\":\"Herramientas y maquinaria en Barcelona\",\"publisher\":{\"@id\":\"https:\/\/ferreteriavert.es\/es\/#organization\"},\"potentialAction\":[{\"@type\":\"SearchAction\",\"target\":{\"@type\":\"EntryPoint\",\"urlTemplate\":\"https:\/\/ferreteriavert.es\/es\/?s={search_term_string}\"},\"query-input\":{\"@type\":\"PropertyValueSpecification\",\"valueRequired\":true,\"valueName\":\"search_term_string\"}}],\"inLanguage\":\"es\"},{\"@type\":\"Organization\",\"@id\":\"https:\/\/ferreteriavert.es\/es\/#organization\",\"name\":\"Ferreter\u00eda Vert\",\"alternateName\":\"Vert\",\"url\":\"https:\/\/ferreteriavert.es\/es\/\",\"logo\":{\"@type\":\"ImageObject\",\"inLanguage\":\"es\",\"@id\":\"https:\/\/ferreteriavert.es\/es\/#\/schema\/logo\/image\/\",\"url\":\"https:\/\/ferreteriavert.es\/wp-content\/uploads\/2023\/03\/cropped-favicon-1.png\",\"contentUrl\":\"https:\/\/ferreteriavert.es\/wp-content\/uploads\/2023\/03\/cropped-favicon-1.png\",\"width\":512,\"height\":512,\"caption\":\"Ferreter\u00eda Vert\"},\"image\":{\"@id\":\"https:\/\/ferreteriavert.es\/es\/#\/schema\/logo\/image\/\"},\"sameAs\":[\"https:\/\/www.instagram.com\/ferreteriavert\/\"]}]}<\/script>\n<!-- \/ Yoast SEO plugin. -->","yoast_head_json":{"title":"Pol\u00edtica de privacidad - Ferreter\u00eda Vert","robots":{"index":"index","follow":"follow","max-snippet":"max-snippet:-1","max-image-preview":"max-image-preview:large","max-video-preview":"max-video-preview:-1"},"canonical":"https:\/\/ferreteriavert.es\/es\/politica-de-privacidad\/","og_locale":"es_ES","og_type":"article","og_title":"Pol\u00edtica de privacidad - Ferreter\u00eda Vert","og_url":"https:\/\/ferreteriavert.es\/es\/politica-de-privacidad\/","og_site_name":"Ferreter\u00eda Vert","article_modified_time":"2024-03-25T15:30:18+00:00","twitter_card":"summary_large_image","twitter_misc":{"Tiempo de lectura":"16 minutos"},"schema":{"@context":"https:\/\/schema.org","@graph":[{"@type":"WebPage","@id":"https:\/\/ferreteriavert.es\/es\/politica-de-privacidad\/","url":"https:\/\/ferreteriavert.es\/es\/politica-de-privacidad\/","name":"Pol\u00edtica de privacidad - Ferreter\u00eda Vert","isPartOf":{"@id":"https:\/\/ferreteriavert.es\/es\/#website"},"datePublished":"2023-03-02T12:39:41+00:00","dateModified":"2024-03-25T15:30:18+00:00","breadcrumb":{"@id":"https:\/\/ferreteriavert.es\/es\/politica-de-privacidad\/#breadcrumb"},"inLanguage":"es","potentialAction":[{"@type":"ReadAction","target":["https:\/\/ferreteriavert.es\/es\/politica-de-privacidad\/"]}]},{"@type":"BreadcrumbList","@id":"https:\/\/ferreteriavert.es\/es\/politica-de-privacidad\/#breadcrumb","itemListElement":[{"@type":"ListItem","position":1,"name":"Portada","item":"https:\/\/ferreteriavert.es\/es\/inicio\/"},{"@type":"ListItem","position":2,"name":"Pol\u00edtica de privacidad"}]},{"@type":"WebSite","@id":"https:\/\/ferreteriavert.es\/es\/#website","url":"https:\/\/ferreteriavert.es\/es\/","name":"Ferreter\u00eda Vert","description":"Herramientas y maquinaria en Barcelona","publisher":{"@id":"https:\/\/ferreteriavert.es\/es\/#organization"},"potentialAction":[{"@type":"SearchAction","target":{"@type":"EntryPoint","urlTemplate":"https:\/\/ferreteriavert.es\/es\/?s={search_term_string}"},"query-input":{"@type":"PropertyValueSpecification","valueRequired":true,"valueName":"search_term_string"}}],"inLanguage":"es"},{"@type":"Organization","@id":"https:\/\/ferreteriavert.es\/es\/#organization","name":"Ferreter\u00eda Vert","alternateName":"Vert","url":"https:\/\/ferreteriavert.es\/es\/","logo":{"@type":"ImageObject","inLanguage":"es","@id":"https:\/\/ferreteriavert.es\/es\/#\/schema\/logo\/image\/","url":"https:\/\/ferreteriavert.es\/wp-content\/uploads\/2023\/03\/cropped-favicon-1.png","contentUrl":"https:\/\/ferreteriavert.es\/wp-content\/uploads\/2023\/03\/cropped-favicon-1.png","width":512,"height":512,"caption":"Ferreter\u00eda Vert"},"image":{"@id":"https:\/\/ferreteriavert.es\/es\/#\/schema\/logo\/image\/"},"sameAs":["https:\/\/www.instagram.com\/ferreteriavert\/"]}]}},"_links":{"self":[{"href":"https:\/\/ferreteriavert.es\/es\/wp-json\/wp\/v2\/pages\/1654","targetHints":{"allow":["GET"]}}],"collection":[{"href":"https:\/\/ferreteriavert.es\/es\/wp-json\/wp\/v2\/pages"}],"about":[{"href":"https:\/\/ferreteriavert.es\/es\/wp-json\/wp\/v2\/types\/page"}],"author":[{"embeddable":true,"href":"https:\/\/ferreteriavert.es\/es\/wp-json\/wp\/v2\/users\/1"}],"replies":[{"embeddable":true,"href":"https:\/\/ferreteriavert.es\/es\/wp-json\/wp\/v2\/comments?post=1654"}],"version-history":[{"count":5,"href":"https:\/\/ferreteriavert.es\/es\/wp-json\/wp\/v2\/pages\/1654\/revisions"}],"predecessor-version":[{"id":1659,"href":"https:\/\/ferreteriavert.es\/es\/wp-json\/wp\/v2\/pages\/1654\/revisions\/1659"}],"wp:attachment":[{"href":"https:\/\/ferreteriavert.es\/es\/wp-json\/wp\/v2\/media?parent=1654"}],"curies":[{"name":"wp","href":"https:\/\/api.w.org\/{rel}","templated":true}]}}